{"id":2994,"date":"2026-01-01T08:00:42","date_gmt":"2026-01-01T07:00:42","guid":{"rendered":"https:\/\/www.oc-cultura.eu\/agenda\/les-dynamiques-de-declin-et-de-revitalisation-linguistique-a-travers-une-comparaison-entre-le-finnois-et-loccitan-au-xix%e1%b5%89-siecle\/"},"modified":"2026-04-20T09:26:40","modified_gmt":"2026-04-20T07:26:40","slug":"las-dinamicas-de-declin-e-de-revitalizacion-linguistica-a-travers-una-comparason-entre-lo-fines-e-loccitan-al-segle-xix","status":"publish","type":"agenda","link":"https:\/\/www.oc-cultura.eu\/oc-fr\/agenda\/las-dinamicas-de-declin-e-de-revitalizacion-linguistica-a-travers-una-comparason-entre-lo-fines-e-loccitan-al-segle-xix\/","title":{"rendered":"Las dinamicas de declin e de revitalizacion ling\u00fcistica - a trav\u00e8rs una comparason entre lo fin\u00e9s e l'occitan al s\u00e8gle XIX"},"featured_media":2993,"template":"","meta":{"_acf_changed":false,"inline_featured_image":false},"categories":[121],"tags":[840,841,842,194,77],"class_list":["post-2994","agenda","type-agenda","status-publish","has-post-thumbnail","hentry","category-agenda-oc","tag-cerca","tag-fines","tag-linguistica","tag-literatura","tag-occitan"],"acf":[],"yoast_head":"<!-- This site is optimized with the Yoast SEO plugin v27.3 - https:\/\/yoast.com\/product\/yoast-seo-wordpress\/ -->\n<title>Las dinamicas de declin e de revitalizacion ling\u00fcistica - a trav\u00e8rs una comparason entre lo fin\u00e9s e l&#039;occitan al s\u00e8gle XIX - CIRD\u00d2C - Institut occitan de cultura<\/title>\n<meta name=\"robots\" content=\"index, follow, max-snippet:-1, max-image-preview:large, max-video-preview:-1\" \/>\n<link rel=\"canonical\" href=\"https:\/\/www.oc-cultura.eu\/oc-fr\/agenda\/las-dinamicas-de-declin-e-de-revitalizacion-linguistica-a-travers-una-comparason-entre-lo-fines-e-loccitan-al-segle-xix\/\" \/>\n<meta property=\"og:locale\" content=\"en_US\" \/>\n<meta property=\"og:type\" content=\"article\" \/>\n<meta property=\"og:title\" content=\"Las dinamicas de declin e de revitalizacion ling\u00fcistica - a trav\u00e8rs una comparason entre lo fin\u00e9s e l&#039;occitan al s\u00e8gle XIX - CIRD\u00d2C - Institut occitan de cultura\" \/>\n<meta property=\"og:url\" content=\"https:\/\/www.oc-cultura.eu\/oc-fr\/agenda\/las-dinamicas-de-declin-e-de-revitalizacion-linguistica-a-travers-una-comparason-entre-lo-fines-e-loccitan-al-segle-xix\/\" \/>\n<meta property=\"og:site_name\" content=\"CIRD\u00d2C - Institut occitan de cultura\" \/>\n<meta property=\"article:publisher\" content=\"https:\/\/www.facebook.com\/oc.cultura\/\" \/>\n<meta property=\"article:modified_time\" content=\"2026-04-20T07:26:40+00:00\" \/>\n<meta property=\"og:image\" content=\"https:\/\/www.oc-cultura.eu\/wp-content\/uploads\/2026\/04\/37720e73f0fe4f7f91a29605bf5c4110.base_.image_.webp\" \/>\n\t<meta property=\"og:image:width\" content=\"750\" \/>\n\t<meta property=\"og:image:height\" content=\"453\" \/>\n\t<meta property=\"og:image:type\" content=\"image\/webp\" \/>\n<meta name=\"twitter:card\" content=\"summary_large_image\" \/>\n<meta name=\"twitter:label1\" content=\"Est. reading time\" \/>\n\t<meta name=\"twitter:data1\" content=\"1 minute\" \/>\n<script type=\"application\/ld+json\" class=\"yoast-schema-graph\">{\"@context\":\"https:\\\/\\\/schema.org\",\"@graph\":[{\"@type\":\"WebPage\",\"@id\":\"https:\\\/\\\/www.oc-cultura.eu\\\/oc-fr\\\/agenda\\\/las-dinamicas-de-declin-e-de-revitalizacion-linguistica-a-travers-una-comparason-entre-lo-fines-e-loccitan-al-segle-xix\\\/\",\"url\":\"https:\\\/\\\/www.oc-cultura.eu\\\/oc-fr\\\/agenda\\\/las-dinamicas-de-declin-e-de-revitalizacion-linguistica-a-travers-una-comparason-entre-lo-fines-e-loccitan-al-segle-xix\\\/\",\"name\":\"Las dinamicas de declin e de revitalizacion ling\u00fcistica - a trav\u00e8rs una comparason entre lo fin\u00e9s e l'occitan al s\u00e8gle XIX - CIRD\u00d2C - Institut occitan de cultura\",\"isPartOf\":{\"@id\":\"https:\\\/\\\/www.oc-cultura.eu\\\/oc-fr\\\/#website\"},\"primaryImageOfPage\":{\"@id\":\"https:\\\/\\\/www.oc-cultura.eu\\\/oc-fr\\\/agenda\\\/las-dinamicas-de-declin-e-de-revitalizacion-linguistica-a-travers-una-comparason-entre-lo-fines-e-loccitan-al-segle-xix\\\/#primaryimage\"},\"image\":{\"@id\":\"https:\\\/\\\/www.oc-cultura.eu\\\/oc-fr\\\/agenda\\\/las-dinamicas-de-declin-e-de-revitalizacion-linguistica-a-travers-una-comparason-entre-lo-fines-e-loccitan-al-segle-xix\\\/#primaryimage\"},\"thumbnailUrl\":\"https:\\\/\\\/www.oc-cultura.eu\\\/wp-content\\\/uploads\\\/2026\\\/04\\\/37720e73f0fe4f7f91a29605bf5c4110.base_.image_.webp\",\"datePublished\":\"2026-01-01T07:00:42+00:00\",\"dateModified\":\"2026-04-20T07:26:40+00:00\",\"breadcrumb\":{\"@id\":\"https:\\\/\\\/www.oc-cultura.eu\\\/oc-fr\\\/agenda\\\/las-dinamicas-de-declin-e-de-revitalizacion-linguistica-a-travers-una-comparason-entre-lo-fines-e-loccitan-al-segle-xix\\\/#breadcrumb\"},\"inLanguage\":\"oc-OC\",\"potentialAction\":[{\"@type\":\"ReadAction\",\"target\":[\"https:\\\/\\\/www.oc-cultura.eu\\\/oc-fr\\\/agenda\\\/las-dinamicas-de-declin-e-de-revitalizacion-linguistica-a-travers-una-comparason-entre-lo-fines-e-loccitan-al-segle-xix\\\/\"]}]},{\"@type\":\"ImageObject\",\"inLanguage\":\"oc-OC\",\"@id\":\"https:\\\/\\\/www.oc-cultura.eu\\\/oc-fr\\\/agenda\\\/las-dinamicas-de-declin-e-de-revitalizacion-linguistica-a-travers-una-comparason-entre-lo-fines-e-loccitan-al-segle-xix\\\/#primaryimage\",\"url\":\"https:\\\/\\\/www.oc-cultura.eu\\\/wp-content\\\/uploads\\\/2026\\\/04\\\/37720e73f0fe4f7f91a29605bf5c4110.base_.image_.webp\",\"contentUrl\":\"https:\\\/\\\/www.oc-cultura.eu\\\/wp-content\\\/uploads\\\/2026\\\/04\\\/37720e73f0fe4f7f91a29605bf5c4110.base_.image_.webp\",\"width\":750,\"height\":453},{\"@type\":\"BreadcrumbList\",\"@id\":\"https:\\\/\\\/www.oc-cultura.eu\\\/oc-fr\\\/agenda\\\/las-dinamicas-de-declin-e-de-revitalizacion-linguistica-a-travers-una-comparason-entre-lo-fines-e-loccitan-al-segle-xix\\\/#breadcrumb\",\"itemListElement\":[{\"@type\":\"ListItem\",\"position\":1,\"name\":\"Accueil\",\"item\":\"https:\\\/\\\/www.oc-cultura.eu\\\/oc-fr\\\/\"},{\"@type\":\"ListItem\",\"position\":2,\"name\":\"Las dinamicas de declin e de revitalizacion ling\u00fcistica - a trav\u00e8rs una comparason entre lo fin\u00e9s e l'occitan al s\u00e8gle XIX\"}]},{\"@type\":\"WebSite\",\"@id\":\"https:\\\/\\\/www.oc-cultura.eu\\\/oc-fr\\\/#website\",\"url\":\"https:\\\/\\\/www.oc-cultura.eu\\\/oc-fr\\\/\",\"name\":\"CIRDOC - Institut occitan de cultura\",\"description\":\"\",\"publisher\":{\"@id\":\"https:\\\/\\\/www.oc-cultura.eu\\\/oc-fr\\\/#organization\"},\"potentialAction\":[{\"@type\":\"SearchAction\",\"target\":{\"@type\":\"EntryPoint\",\"urlTemplate\":\"https:\\\/\\\/www.oc-cultura.eu\\\/oc-fr\\\/?s={search_term_string}\"},\"query-input\":{\"@type\":\"PropertyValueSpecification\",\"valueRequired\":true,\"valueName\":\"search_term_string\"}}],\"inLanguage\":\"oc-OC\"},{\"@type\":\"Organization\",\"@id\":\"https:\\\/\\\/www.oc-cultura.eu\\\/oc-fr\\\/#organization\",\"name\":\"CIRDOC - Institut occitan de cultura\",\"url\":\"https:\\\/\\\/www.oc-cultura.eu\\\/oc-fr\\\/\",\"logo\":{\"@type\":\"ImageObject\",\"inLanguage\":\"oc-OC\",\"@id\":\"https:\\\/\\\/www.oc-cultura.eu\\\/oc-fr\\\/#\\\/schema\\\/logo\\\/image\\\/\",\"url\":\"https:\\\/\\\/www.oc-cultura.eu\\\/wp-content\\\/uploads\\\/2024\\\/07\\\/Logo_CIRDOC-V2.svg\",\"contentUrl\":\"https:\\\/\\\/www.oc-cultura.eu\\\/wp-content\\\/uploads\\\/2024\\\/07\\\/Logo_CIRDOC-V2.svg\",\"width\":\"1024\",\"height\":\"1024\",\"caption\":\"CIRDOC - Institut occitan de cultura\"},\"image\":{\"@id\":\"https:\\\/\\\/www.oc-cultura.eu\\\/oc-fr\\\/#\\\/schema\\\/logo\\\/image\\\/\"},\"sameAs\":[\"https:\\\/\\\/www.facebook.com\\\/oc.cultura\\\/\",\"https:\\\/\\\/www.instagram.com\\\/cirdoc_institut\\\/\",\"https:\\\/\\\/www.linkedin.com\\\/company\\\/cirdocinstitut-occitan-de-cultura\\\/?originalSubdomain=fr\"]}]}<\/script>\n<!-- \/ Yoast SEO plugin. -->","yoast_head_json":{"title":"Las dinamicas de declin e de revitalizacion ling\u00fcistica - a trav\u00e8rs una comparason entre lo fin\u00e9s e l'occitan al s\u00e8gle XIX - CIRD\u00d2C - Institut occitan de cultura","robots":{"index":"index","follow":"follow","max-snippet":"max-snippet:-1","max-image-preview":"max-image-preview:large","max-video-preview":"max-video-preview:-1"},"canonical":"https:\/\/www.oc-cultura.eu\/oc-fr\/agenda\/las-dinamicas-de-declin-e-de-revitalizacion-linguistica-a-travers-una-comparason-entre-lo-fines-e-loccitan-al-segle-xix\/","og_locale":"en_US","og_type":"article","og_title":"Las dinamicas de declin e de revitalizacion ling\u00fcistica - a trav\u00e8rs una comparason entre lo fin\u00e9s e l'occitan al s\u00e8gle XIX - CIRD\u00d2C - Institut occitan de cultura","og_url":"https:\/\/www.oc-cultura.eu\/oc-fr\/agenda\/las-dinamicas-de-declin-e-de-revitalizacion-linguistica-a-travers-una-comparason-entre-lo-fines-e-loccitan-al-segle-xix\/","og_site_name":"CIRD\u00d2C - Institut occitan de cultura","article_publisher":"https:\/\/www.facebook.com\/oc.cultura\/","article_modified_time":"2026-04-20T07:26:40+00:00","og_image":[{"width":750,"height":453,"url":"https:\/\/www.oc-cultura.eu\/wp-content\/uploads\/2026\/04\/37720e73f0fe4f7f91a29605bf5c4110.base_.image_.webp","type":"image\/webp"}],"twitter_card":"summary_large_image","twitter_misc":{"Est. reading time":"1 minute"},"schema":{"@context":"https:\/\/schema.org","@graph":[{"@type":"WebPage","@id":"https:\/\/www.oc-cultura.eu\/oc-fr\/agenda\/las-dinamicas-de-declin-e-de-revitalizacion-linguistica-a-travers-una-comparason-entre-lo-fines-e-loccitan-al-segle-xix\/","url":"https:\/\/www.oc-cultura.eu\/oc-fr\/agenda\/las-dinamicas-de-declin-e-de-revitalizacion-linguistica-a-travers-una-comparason-entre-lo-fines-e-loccitan-al-segle-xix\/","name":"Las dinamicas de declin e de revitalizacion ling\u00fcistica - a trav\u00e8rs una comparason entre lo fin\u00e9s e l'occitan al s\u00e8gle XIX - CIRD\u00d2C - Institut occitan de cultura","isPartOf":{"@id":"https:\/\/www.oc-cultura.eu\/oc-fr\/#website"},"primaryImageOfPage":{"@id":"https:\/\/www.oc-cultura.eu\/oc-fr\/agenda\/las-dinamicas-de-declin-e-de-revitalizacion-linguistica-a-travers-una-comparason-entre-lo-fines-e-loccitan-al-segle-xix\/#primaryimage"},"image":{"@id":"https:\/\/www.oc-cultura.eu\/oc-fr\/agenda\/las-dinamicas-de-declin-e-de-revitalizacion-linguistica-a-travers-una-comparason-entre-lo-fines-e-loccitan-al-segle-xix\/#primaryimage"},"thumbnailUrl":"https:\/\/www.oc-cultura.eu\/wp-content\/uploads\/2026\/04\/37720e73f0fe4f7f91a29605bf5c4110.base_.image_.webp","datePublished":"2026-01-01T07:00:42+00:00","dateModified":"2026-04-20T07:26:40+00:00","breadcrumb":{"@id":"https:\/\/www.oc-cultura.eu\/oc-fr\/agenda\/las-dinamicas-de-declin-e-de-revitalizacion-linguistica-a-travers-una-comparason-entre-lo-fines-e-loccitan-al-segle-xix\/#breadcrumb"},"inLanguage":"oc-OC","potentialAction":[{"@type":"ReadAction","target":["https:\/\/www.oc-cultura.eu\/oc-fr\/agenda\/las-dinamicas-de-declin-e-de-revitalizacion-linguistica-a-travers-una-comparason-entre-lo-fines-e-loccitan-al-segle-xix\/"]}]},{"@type":"ImageObject","inLanguage":"oc-OC","@id":"https:\/\/www.oc-cultura.eu\/oc-fr\/agenda\/las-dinamicas-de-declin-e-de-revitalizacion-linguistica-a-travers-una-comparason-entre-lo-fines-e-loccitan-al-segle-xix\/#primaryimage","url":"https:\/\/www.oc-cultura.eu\/wp-content\/uploads\/2026\/04\/37720e73f0fe4f7f91a29605bf5c4110.base_.image_.webp","contentUrl":"https:\/\/www.oc-cultura.eu\/wp-content\/uploads\/2026\/04\/37720e73f0fe4f7f91a29605bf5c4110.base_.image_.webp","width":750,"height":453},{"@type":"BreadcrumbList","@id":"https:\/\/www.oc-cultura.eu\/oc-fr\/agenda\/las-dinamicas-de-declin-e-de-revitalizacion-linguistica-a-travers-una-comparason-entre-lo-fines-e-loccitan-al-segle-xix\/#breadcrumb","itemListElement":[{"@type":"ListItem","position":1,"name":"Accueil","item":"https:\/\/www.oc-cultura.eu\/oc-fr\/"},{"@type":"ListItem","position":2,"name":"Las dinamicas de declin e de revitalizacion ling\u00fcistica - a trav\u00e8rs una comparason entre lo fin\u00e9s e l'occitan al s\u00e8gle XIX"}]},{"@type":"WebSite","@id":"https:\/\/www.oc-cultura.eu\/oc-fr\/#website","url":"https:\/\/www.oc-cultura.eu\/oc-fr\/","name":"CIRDOC - Institut occitan de cultura","description":"","publisher":{"@id":"https:\/\/www.oc-cultura.eu\/oc-fr\/#organization"},"potentialAction":[{"@type":"SearchAction","target":{"@type":"EntryPoint","urlTemplate":"https:\/\/www.oc-cultura.eu\/oc-fr\/?s={search_term_string}"},"query-input":{"@type":"PropertyValueSpecification","valueRequired":true,"valueName":"search_term_string"}}],"inLanguage":"oc-OC"},{"@type":"Organization","@id":"https:\/\/www.oc-cultura.eu\/oc-fr\/#organization","name":"CIRDOC - Institut occitan de cultura","url":"https:\/\/www.oc-cultura.eu\/oc-fr\/","logo":{"@type":"ImageObject","inLanguage":"oc-OC","@id":"https:\/\/www.oc-cultura.eu\/oc-fr\/#\/schema\/logo\/image\/","url":"https:\/\/www.oc-cultura.eu\/wp-content\/uploads\/2024\/07\/Logo_CIRDOC-V2.svg","contentUrl":"https:\/\/www.oc-cultura.eu\/wp-content\/uploads\/2024\/07\/Logo_CIRDOC-V2.svg","width":"1024","height":"1024","caption":"CIRDOC - Institut occitan de cultura"},"image":{"@id":"https:\/\/www.oc-cultura.eu\/oc-fr\/#\/schema\/logo\/image\/"},"sameAs":["https:\/\/www.facebook.com\/oc.cultura\/","https:\/\/www.instagram.com\/cirdoc_institut\/","https:\/\/www.linkedin.com\/company\/cirdocinstitut-occitan-de-cultura\/?originalSubdomain=fr"]}]}},"_links":{"self":[{"href":"https:\/\/www.oc-cultura.eu\/oc-fr\/wp-json\/wp\/v2\/agenda\/2994","targetHints":{"allow":["GET"]}}],"collection":[{"href":"https:\/\/www.oc-cultura.eu\/oc-fr\/wp-json\/wp\/v2\/agenda"}],"about":[{"href":"https:\/\/www.oc-cultura.eu\/oc-fr\/wp-json\/wp\/v2\/types\/agenda"}],"wp:featuredmedia":[{"embeddable":true,"href":"https:\/\/www.oc-cultura.eu\/oc-fr\/wp-json\/wp\/v2\/media\/2993"}],"wp:attachment":[{"href":"https:\/\/www.oc-cultura.eu\/oc-fr\/wp-json\/wp\/v2\/media?parent=2994"}],"wp:term":[{"taxonomy":"category","embeddable":true,"href":"https:\/\/www.oc-cultura.eu\/oc-fr\/wp-json\/wp\/v2\/categories?post=2994"},{"taxonomy":"post_tag","embeddable":true,"href":"https:\/\/www.oc-cultura.eu\/oc-fr\/wp-json\/wp\/v2\/tags?post=2994"}],"curies":[{"name":"wp","href":"https:\/\/api.w.org\/{rel}","templated":true}]}}